{"id":2546,"date":"2020-02-25T11:22:29","date_gmt":"2020-02-25T10:22:29","guid":{"rendered":"https:\/\/xplore-berlin.de\/?post_type=mp-event&#038;p=2546"},"modified":"2020-02-27T15:44:54","modified_gmt":"2020-02-27T14:44:54","slug":"men-touching-men","status":"publish","type":"mp-event","link":"https:\/\/xplore-berlin.de\/de\/timetable\/event\/men-touching-men\/","title":{"rendered":"M\u00e4nner * ber\u00fchren M\u00e4nner *"},"content":{"rendered":"<div class=\"wp-block-image\"><figure class=\"alignright size-large is-resized\"><img src=\"https:\/\/xplore-berlin.de\/wp-content\/uploads\/quintet-massage.png\" alt=\"\" class=\"wp-image-2544\" width=\"373\" height=\"210\" srcset=\"https:\/\/xplore-berlin.de\/wp-content\/uploads\/quintet-massage.png 1024w, https:\/\/xplore-berlin.de\/wp-content\/uploads\/quintet-massage-300x169.png 300w, https:\/\/xplore-berlin.de\/wp-content\/uploads\/quintet-massage-768x432.png 768w\" sizes=\"(max-width: 373px) 100vw, 373px\" \/><\/figure><\/div>\n\n\n\n<p>M\u00e4nner*, vor allem Cis-M\u00e4nner, nehmen in dieser Welt viel Raum ein und haben eine Menge Macht \u00fcber andere. Aber ist \"<em>Macht \u00fcber Jemanden<\/em>\" immer gleich <em>\"Erm\u00e4chtigung\", <\/em>und ist es m\u00f6glich, sich f\u00fcr weniger Privilegierte aus einem Gef\u00fchl pers\u00f6nlicher Erdung und Verantwortung einzusetzen, und nicht einem Gef\u00fchl von Entschuldigung? K\u00f6nnen Zuh\u00f6ren und Empfangen auch f\u00fcr M\u00e4nner* Quellen der Kraft sein? \nDieser Workshop schl\u00e4gt vor, da\u00df die Beziehung von M\u00e4nnern* zueinander einen starken Effekt darauf hat, wie sie sich auf Andere beziehen, und da\u00df somatische Arbeit eine wichtige Rolle einnehmen kann, indem sie einen sicheren Raum schafft, in dem M\u00e4nner* untereinander Z\u00e4rtlichkeit, Sinnlichkeit und gegenseitige Unterst\u00fctzung - jenseits ihres Genders oder ihrer Orientierung praktizieren k\u00f6nnen.\nMit M\u00e4nner* meinen wir alle, die sich als solche identifizieren oder die sich entlang des Spektrums von M\u00e4nnlichkeit bewegen, z.B. Cis-, Trans*-, Inter*m\u00e4nner, und nichtbin\u00e4re Menschen. Wir begreifen die Ausdr\u00fccke Mann*, m\u00e4nnlich* und maskulin* als Sache der Selbstdefinition und laden alle zu diesem Workshop ein, die mit diesen Identit\u00e4ten in Resonanz gehen.<\/p>","protected":false},"excerpt":{"rendered":"<p>M\u00e4nner*, insbesondere Cis-Geschlechter, nehmen viel Platz ein und haben viel Macht \u00fcber andere in dieser Welt. Aber ist \u201eMacht \u00fcber\u201c immer gleich \u201eErm\u00e4chtigung\u201c und ist es m\u00f6glich, ein Verb\u00fcndeter f\u00fcr die weniger Privilegierten zu sein, eher aus pers\u00f6nlicher Bodenst\u00e4ndigkeit und Verantwortung als aus Entschuldigung? Kann zuh\u00f6ren und empfangen \u2026<\/p>\n<p class=\"read-more\"> <a class=\"\" href=\"https:\/\/xplore-berlin.de\/de\/timetable\/event\/men-touching-men\/\"> <span class=\"screen-reader-text\">M\u00e4nner * ber\u00fchren M\u00e4nner *<\/span> Weiterlesen \u00bb<\/a><\/p>","protected":false},"author":1,"featured_media":0,"menu_order":0,"comment_status":"closed","ping_status":"closed","template":"","meta":{"_uag_custom_page_level_css":"","ghostkit_customizer_options":"","ghostkit_custom_css":"","ghostkit_custom_js_head":"","ghostkit_custom_js_foot":"","ghostkit_typography":"","site-sidebar-layout":"default","site-content-layout":"default","ast-global-header-display":"","ast-main-header-display":"","ast-hfb-above-header-display":"","ast-hfb-below-header-display":"","ast-hfb-mobile-header-display":"","site-post-title":"","ast-breadcrumbs-content":"","ast-featured-img":"","footer-sml-layout":"","theme-transparent-header-meta":"default","adv-header-id-meta":"","stick-header-meta":"default","header-above-stick-meta":"","header-main-stick-meta":"","header-below-stick-meta":""},"mp-event_category":[207,172,165],"mp-event_tag":[],"uagb_featured_image_src":{"full":false,"thumbnail":false,"medium":false,"medium_large":false,"large":false,"1536x1536":false,"2048x2048":false,"trp-custom-language-flag":false},"uagb_author_info":{"display_name":"xpad01","author_link":"https:\/\/xplore-berlin.de\/de\/author\/xpad01\/"},"uagb_comment_info":0,"uagb_excerpt":"Men*, especially cis-gendered ones, take up a lot of space and hold a lot of power over others in this world. But does &#8220;power over&#8221; always equal &#8220;empowerment&#8221;, and is it possible to be an ally to those less privileged from a place of personal groundedness and responsibility rather than apology? Can listening and receiving&hellip;","_links":{"self":[{"href":"https:\/\/xplore-berlin.de\/de\/wp-json\/wp\/v2\/mp-event\/2546"}],"collection":[{"href":"https:\/\/xplore-berlin.de\/de\/wp-json\/wp\/v2\/mp-event"}],"about":[{"href":"https:\/\/xplore-berlin.de\/de\/wp-json\/wp\/v2\/types\/mp-event"}],"author":[{"embeddable":true,"href":"https:\/\/xplore-berlin.de\/de\/wp-json\/wp\/v2\/users\/1"}],"replies":[{"embeddable":true,"href":"https:\/\/xplore-berlin.de\/de\/wp-json\/wp\/v2\/comments?post=2546"}],"wp:attachment":[{"href":"https:\/\/xplore-berlin.de\/de\/wp-json\/wp\/v2\/media?parent=2546"}],"wp:term":[{"taxonomy":"mp-event_category","embeddable":true,"href":"https:\/\/xplore-berlin.de\/de\/wp-json\/wp\/v2\/mp-event_category?post=2546"},{"taxonomy":"mp-event_tag","embeddable":true,"href":"https:\/\/xplore-berlin.de\/de\/wp-json\/wp\/v2\/mp-event_tag?post=2546"}],"curies":[{"name":"wp","href":"https:\/\/api.w.org\/{rel}","templated":true}]}}